{"id":1638,"date":"2016-04-25T21:15:47","date_gmt":"2016-04-25T21:15:47","guid":{"rendered":"https:\/\/webwewant.org\/pt-br\/recomendacoes-de-media-e-comunicados-de-imprensa\/"},"modified":"2016-04-25T21:15:47","modified_gmt":"2016-04-25T21:15:47","slug":"recomendacoes-de-media-e-comunicados-de-imprensa","status":"publish","type":"page","link":"https:\/\/webwewant.org\/pt-br\/toolkit-fastafrica\/recomendacoes-de-media-e-comunicados-de-imprensa\/","title":{"rendered":"Recomenda\u00e7\u00f5es de Media e Comunicados de Imprensa"},"content":{"rendered":"<p><em>Este texto faz parte do <a href=\"https:\/\/webwewant.org\/pt-br\/toolkit-fastafrica\/\">Toolkit #FASTAfrica<\/a><\/em><\/p>\n<p>Queremos ajud\u00e1-lo a colocar as suas atividades e a campanha #FASTAfrica nos media. Jornalistas geralmente escolhem as hist\u00f3rias que ir\u00e3o cobrir a partir dos comunicados de imprensa (press release). Apresentamos a seguir um modelo de exemplo do que pode ser enviado para rep\u00f3rteres. Detalhes de seu evento podem ser acrescentados talvez no segundo par\u00e1grafo.<\/p>\n<p>Algumas dicas para trabalhar com os media:<\/p>\n<ul>\n<li>Identifique primeiramente o jornalista certo. J\u00e1 alguma mat\u00e9ria correlata antes? Uma r\u00e1pida busca poder\u00e1 ajud\u00e1-lo a encontrar a pessoa certa. Se n\u00e3o conseguir, tente contato com um editor.<\/li>\n<li>\u00c9 uma boa ideia tentar contato por telefone, explicando ao rep\u00f3rter porque a sua hist\u00f3ria \u00e9 importante. Rep\u00f3rteres s\u00e3o ocupados e devem receber centenas de emails diariamente. Um telefonema r\u00e1pido pode ser a melhor maneira de conseguir aten\u00e7\u00e3o.<\/li>\n<li>Provavelmente ser\u00e1 uma liga\u00e7\u00e3o curta, ent\u00e3o pense bastante no que vai dizer, e especialmente o motivo que deixaria a audi\u00eancia\/p\u00fablico leitor com interesse no assunto.<\/li>\n<li>O rep\u00f3rter pode pedir que envie o comunicado de imprensa por email, pode retornar a liga\u00e7\u00e3o para uma entrevista, ou pode tamb\u00e9m n\u00e3o ter interesse.<\/li>\n<li>Boa sorte! Se tiver d\u00favidas, entre em contato conosco!<\/li>\n<\/ul>\n<hr \/>\n<p>&nbsp;<\/p>\n<p style=\"text-align: center\"><strong>COMUNICADO DE IMPRENSA &#8212; 28 de Abril de 2016<br \/>\n<\/strong><br \/>\n<strong>O Novo Movimento Pan-Africano Quer Internet Mais R\u00e1pida e Acess\u00edvel para Todos<br \/>\n<\/strong><\/p>\n<ul>\n<li style=\"text-align: center\"><em>Campanha #FASTAfrica tem in\u00edcio com Semana de A\u00e7\u00e3o (1 a 7 de Maio de 2016), com atividades em mais de 30 pa\u00edses africanos.<\/em><\/li>\n<li style=\"text-align: center\"><em>Mobilizadores lutam para que todos os Africanos tenham acesso a uma Intenet R\u00e1pida, Acess\u00edvel, Segura e Transparente at\u00e9 2020.<\/em><\/li>\n<\/ul>\n<p>Com lan\u00e7amento marcado para hoje, a #FASTAfrica \u00e9 uma campanha que demanda uma Internet mais r\u00e1pida e acess\u00edvel para todos os Africanos at\u00e9 2020. A mensagem \u00e9 de que desenvolvimento e, consequentemente, as vidas e o futuro dos Africanos dependem disso. Os eventos da campanha ser\u00e3o realizados na primeira semana de Maio em mais de 30 pa\u00edses, e seus resultados ser\u00e3o apresentados no F\u00f3rum Econ\u00f3mico Mundial em \u00c1frica e em reuni\u00f5es da Uni\u00e3o Africana ainda este ano. Qualquer pessoa pode se inscrever para organizar ou participar de um evento pelo s\u00edtio da campanha: https:\/\/webwewant.org\/fast-africa\/<\/p>\n<p>\u00c1frica \u00e9 o lar de quatro das 10 economias que mais crescem no mundo, com um din\u00e1mico mercado de telefones m\u00f3veis. Todavia, o continente sofre com uma Internet das mais lentas e caras do mundo \u2014 resultado disso \u00e9 que cerca de 80% dos Africanos continuam offline. A maior parte dos governos Africanos n\u00e3o priorizou pol\u00edticas de TIC, apesar de terem se comprometido, por meio dos Objetivos de Desenvolvimento Sustent\u00e1vel da ONU, em alcan\u00e7ar Internet universal e acess\u00edvel para todos nos pa\u00edses menos desenvolvidos at\u00e9 2020. A campanha #FASTAfrica busca mudar isso ao atrair aten\u00e7\u00e3o popular para estas quest\u00f5es e destacar solu\u00e7\u00f5es poss\u00edveis.<\/p>\n<p>#FASTAfrica foi formado um grupo de planeamento de mais de 60 representantes de grupos e organiza\u00e7\u00f5es Africanas que trabalham com direitos digitais. A campanha est\u00e1 a ser coordenada pela World Wide Web Foundation, criada pelo inventor da Web, Sir Tim Berners-Lee. Vinte e nove microbolsas de apoio financeiro foram concedidas para organiza\u00e7\u00f5es locais realizem eventos durante a semana de a\u00e7\u00e3o. As microbolsas ir\u00e3o facilitar que coletivos juvenis, ativistas de tecnologias, desenvolvedores e especialistas em pol\u00edticas organizem atividades da campanha em Botsuana, Rep\u00fablica Democr\u00e1tica do Congo, Uganda, Qu\u00e9nia, Burundi, Mali, Costa do Marfim, Gana, Nig\u00e9ria, Ruanda, Senegal e outros pa\u00edses.<\/p>\n<p>&#8220;Ao olhar para os pa\u00edses em desenvolvimento que desfrutam de uma conex\u00e3o \u00e0 Internet relativamente boa, nota-se um ponto em comum: uma pol\u00edtica governamental designada a intervir em prol da Internet naquele pa\u00eds&#8221;, declarou Moses Karanja, cofundador do Banco de Dados de Pol\u00edticas de TIC em \u00c1frica, que tem sede no Qu\u00e9nia e est\u00e1 a participar da #FASTAfrica.<\/p>\n<p>Renata Avila, Gerente de Campanhas Globais da Web Foundation, complementou: &#8220;Para que a Internet possa ter um efeito verdadeiramente transformador em \u00c1frica, todos precisam ter a possibilidade de ficar online \u2014 seja por conseguir pagar acesso regular, seja por um programa de acesso p\u00fablico. Uma vez online, \u00e9 importante que todos sejam assegurados de que seus direitos ser\u00e3o respeitados, ou do contr\u00e1rio ser\u00e1 limitado o uso da Web. Outro aspecto necess\u00e1rio \u00e9 a velocidade m\u00ednima de 4mbps, para que os recursos de educa\u00e7\u00e3o e sa\u00fade sejam aproveitados ao m\u00e1ximo. E precisamos de transpar\u00eancia com pre\u00e7os, velocidades e pol\u00edticas de governo, para que possamos acompanhar o progresso e pensar novas solu\u00e7\u00f5es para os obst\u00e1culos que venham a surgir.\u201d<\/p>\n<p>___________<\/p>\n<p><strong>Principais Demandas da Campanha<\/strong><\/p>\n<p>Precisamos de Internet r\u00e1pida e acess\u00edvel para TODOS em \u00c1frica, como forma de alcan\u00e7ar os objetivos de desenvolvimento.<\/p>\n<p>L\u00edderes Africanos comprometeram-se por uma Internet universal e acess\u00edvel nos pa\u00edses menos desenvolvidos at\u00e9 2010 por meio dos Objetivos de Desenvolvimento Sustent\u00e1vel da ONU. Ap\u00f3s um ano dessa promessa, queremos saber dos planos concretos para uma Internet F.A.S.T. (do ingl\u00eas <strong>f<\/strong>ast, <strong>a<\/strong>ffordable, <strong>s<\/strong>afe e <strong>t<\/strong>ransparente):<\/p>\n<p><strong>R\u00e1pida<\/strong> &#8211; Para um verdadeiro impacto econ\u00f3mico e educacional, precisamos de uma velocidade m\u00e9dia m\u00ednima de carregamento e descarregamento de 4mbps, para uma navega\u00e7\u00e3o confort\u00e1vel e comunica\u00e7\u00e3o online.<br \/>\n<strong>Acess\u00edvel<\/strong> &#8211; Um plano b\u00e1sico pr\u00e9-pago de dados de 1G deveria custar menos de 2% da renda m\u00e9dia mensal de cada pa\u00eds, assim como deveria haver pontos de acesso gratuito tamb\u00e9m.<br \/>\n<strong>Segura<\/strong> &#8211; Nossa privacidade, seguran\u00e7a e nossos direitos online deveriam ser protegidos segundo a Declara\u00e7\u00e3o Africana de Direitos e Liberdades na Internet, que deveria ser adotada por todos.<br \/>\n<strong>Transparente<\/strong> &#8211; Pol\u00edticas relativas \u00e0s leis de tecnologia da informa\u00e7\u00e3o e comunica\u00e7\u00e3o (TIC), impostos e pre\u00e7os precisam ser amplamente dispon\u00edveis e f\u00e1ceis de compreender.<\/p>\n[Encerramento]\n<p>___________<\/p>\n<p><strong>Datas<\/strong><\/p>\n<p>1 a 7 de Maio de 2016 : Semana de A\u00e7\u00e3o #FASTAfrica (pan-Africana)<br \/>\n11 a 13 de Maio de 2016: F\u00f3rum Econ\u00f3mico Mundial em \u00c1frica (Kigali, Ruanda)<br \/>\nJunho: Cimeira da Uni\u00e3o Africana<\/p>\n<p><strong>Contatos<\/strong><\/p>\n<p>Para participar de eventos em diferentes pa\u00edses ou para falar com ativistas locais envolvidos com direitos da Internet em SEU pa\u00eds, por favor entre em contato com a campanha #FASTAfrica.<\/p>\n<p>Para a #FASTAfrica: Ms. Renata Avila<br \/>\nGlobal Manager, Web We Want (#FASTAfrica)<br \/>\nrenata.avila@webfoundation.org<\/p>\n<p>Para informa\u00e7\u00f5es de pol\u00edticas e estat\u00edsticas: Ms. Sonia Jorge<br \/>\nExecutive Director, Alliance for Affordable Internet (A4AI)<br \/>\nsonia.jorge@webfoundation.org<\/p>\n<p><strong>Logos e imagens de campanha<\/strong><\/p>\n<p>Por favor, descarregue e reutilize livremente, de forma impressa ou online:\u00a0https:\/\/webwewant.org\/fast-africa\/fastafrica-logo-image-resources\/<\/p>\n<p><strong>Links<\/strong>:<\/p>\n<p>S\u00edtio da campanha: https:\/\/webwewant.org\/fast-africa<br \/>\nMapa dos Eventos: https:\/\/webwewant.org\/fast-africa\/map-of-events<\/p>\n<p><strong>Sobre a World Wide Web Foundation<\/strong><\/p>\n<p>Criada pelo inventor da Web, Sir Tim Berners-Lee, a World Wide Web Foundation busca estabelecer uma Web aberta como um bem p\u00fablico global e um direito fundamental, num mundo onde todos possam usar a Web para se comunicar, colaborar e inovar livremente. Representada por mais de uma dezena de nacionalidades que trabalham nos escrit\u00f3rios de Londres, Washington DC e Cidade do Cabo, a World Wide Web Foundation opera na conflu\u00eancia de tecnologia e direitos humanos, com foco em tr\u00eas \u00e1reas: Acesso, Voz e Participa\u00e7\u00e3o.<\/p>\n<p>S\u00edtio: https:\/\/webfoundation.org<br \/>\nFacebook: https:\/\/facebook.com\/webfoundation<br \/>\nTwitter: https:\/\/twitter.com\/webfoundation<\/p>\n","protected":false},"excerpt":{"rendered":"<p>Este texto faz parte do Toolkit #FASTAfrica Queremos ajud\u00e1-lo a colocar as suas atividades e a campanha #FASTAfrica nos media. Jornalistas geralmente escolhem as hist\u00f3rias que ir\u00e3o cobrir a partir dos comunicados de imprensa (press release). Apresentamos a seguir um modelo de exemplo do que pode ser enviado para rep\u00f3rteres. Detalhes de seu evento podem [&hellip;]<\/p>\n","protected":false},"author":5,"featured_media":0,"parent":1639,"menu_order":0,"comment_status":"closed","ping_status":"closed","template":"","meta":{"footnotes":""},"class_list":["post-1638","page","type-page","status-publish","hentry"],"_links":{"self":[{"href":"https:\/\/webwewant.org\/pt-br\/wp-json\/wp\/v2\/pages\/1638"}],"collection":[{"href":"https:\/\/webwewant.org\/pt-br\/wp-json\/wp\/v2\/pages"}],"about":[{"href":"https:\/\/webwewant.org\/pt-br\/wp-json\/wp\/v2\/types\/page"}],"author":[{"embeddable":true,"href":"https:\/\/webwewant.org\/pt-br\/wp-json\/wp\/v2\/users\/5"}],"replies":[{"embeddable":true,"href":"https:\/\/webwewant.org\/pt-br\/wp-json\/wp\/v2\/comments?post=1638"}],"version-history":[{"count":0,"href":"https:\/\/webwewant.org\/pt-br\/wp-json\/wp\/v2\/pages\/1638\/revisions"}],"up":[{"embeddable":true,"href":"https:\/\/webwewant.org\/pt-br\/wp-json\/wp\/v2\/pages\/1639"}],"wp:attachment":[{"href":"https:\/\/webwewant.org\/pt-br\/wp-json\/wp\/v2\/media?parent=1638"}],"curies":[{"name":"wp","href":"https:\/\/api.w.org\/{rel}","templated":true}]}}